{"id":1024,"date":"2025-04-15T10:07:11","date_gmt":"2025-04-15T08:07:11","guid":{"rendered":"https:\/\/seminariokapu.umh.es\/?page_id=1024"},"modified":"2025-06-04T16:20:38","modified_gmt":"2025-06-04T14:20:38","slug":"master-periodismo-y-democracia-umh-fundacion-gabo-rsf","status":"publish","type":"page","link":"https:\/\/seminariokapu.umh.es\/ca\/master-periodismo-y-democracia-umh-fundacion-gabo-rsf\/","title":{"rendered":"<span lang=\"es\">(Espa\u00f1ol) M\u00e1ster Periodismo y Democracia<\/span>"},"content":{"rendered":"<p>[et_pb_section fb_built=&#8221;1&#8243; admin_label=&#8221;Header&#8221; _builder_version=&#8221;4.17.4&#8243; _module_preset=&#8221;default&#8221; use_background_color_gradient=&#8221;on&#8221; background_color_gradient_stops=&#8221;rgba(0,0,0,0.7) 0%|rgba(0,0,0,0.7) 100%&#8221; background_color_gradient_overlays_image=&#8221;on&#8221; background_image=&#8221;https:\/\/seminariokapu.umh.es\/files\/2024\/09\/FOTO-WEB-Ryszard-Kapuscinski.jpg&#8221; parallax=&#8221;on&#8221; custom_padding=&#8221;8vw||8vw||true|false&#8221; locked=&#8221;off&#8221; collapsed=&#8221;off&#8221; global_colors_info=&#8221;{}&#8221;][et_pb_row _builder_version=&#8221;4.21.0&#8243; _module_preset=&#8221;default&#8221; global_colors_info=&#8221;{}&#8221;][et_pb_column type=&#8221;4_4&#8243; _builder_version=&#8221;4.21.0&#8243; _module_preset=&#8221;default&#8221; global_colors_info=&#8221;{}&#8221;][et_pb_text admin_label=&#8221;T\u00edtulo p\u00e1gina&#8221; _builder_version=&#8221;4.17.4&#8243; _module_preset=&#8221;f1149286-2138-4f40-8e20-b4b918bc59dc&#8221; header_text_color=&#8221;#FFFFFF&#8221; text_orientation=&#8221;center&#8221; custom_margin=&#8221;||10px||false|false&#8221; global_colors_info=&#8221;{}&#8221;]<\/p>\n<h1>M\u00e1ster en Periodismo y Democracia<\/h1>\n<p>[\/et_pb_text][et_pb_text admin_label=&#8221;Subt\u00edtulo p\u00e1gina&#8221; _builder_version=&#8221;4.17.4&#8243; _module_preset=&#8221;74d143a1-2a53-4dc1-9325-14127d349d2a&#8221; header_5_text_color=&#8221;#FFFFFF&#8221; text_orientation=&#8221;center&#8221; global_colors_info=&#8221;{}&#8221;]<\/p>\n<h5><strong>UMH &#8211; Fundaci\u00f3n Gabo &#8211; Reporteros sin Fronteras RSF\u00a0<\/strong><\/h5>\n<p>[\/et_pb_text][\/et_pb_column][\/et_pb_row][\/et_pb_section][et_pb_section fb_built=&#8221;1&#8243; admin_label=&#8221;About&#8221; _builder_version=&#8221;4.21.0&#8243; _module_preset=&#8221;default&#8221; locked=&#8221;off&#8221; collapsed=&#8221;off&#8221; global_colors_info=&#8221;{}&#8221;][et_pb_row admin_label=&#8221;El M\u00e1ster&#8221; _builder_version=&#8221;4.17.4&#8243; _module_preset=&#8221;default&#8221; background_size=&#8221;initial&#8221; background_position=&#8221;top_left&#8221; background_repeat=&#8221;repeat&#8221; global_colors_info=&#8221;{}&#8221;][et_pb_column type=&#8221;4_4&#8243; _builder_version=&#8221;4.16&#8243; _module_preset=&#8221;default&#8221; custom_padding=&#8221;|||&#8221; global_colors_info=&#8221;{}&#8221; custom_padding__hover=&#8221;|||&#8221;][et_pb_text admin_label=&#8221;T\u00edtulo&#8221; _builder_version=&#8221;4.17.4&#8243; _module_preset=&#8221;61636bf9-b72b-4c28-bab3-823798503361&#8243; custom_margin=&#8221;||10px||false|false&#8221; global_colors_info=&#8221;{}&#8221;]<\/p>\n<h2>Sobre el m\u00e1ster<\/h2>\n<p>[\/et_pb_text][et_pb_text admin_label=&#8221;Texto&#8221; _builder_version=&#8221;4.17.4&#8243; _module_preset=&#8221;74d628be-e3fb-4f40-a4e2-05997430a9e4&#8243; hover_enabled=&#8221;0&#8243; global_colors_info=&#8221;{}&#8221; sticky_enabled=&#8221;0&#8243;]<\/p>\n<p style=\"text-align: justify\">La Fundaci\u00f3n Gabo, la organizaci\u00f3n Reporteros Sin Fronteras y la Universidad Miguel Hern\u00e1ndez de Espa\u00f1a, tres instituciones reconocidas por su amplia defensa del periodismo de excelencia y la libertad de expresi\u00f3n, coinciden y se unen en la celebraci\u00f3n de los 30 a\u00f1os de fundaci\u00f3n de cada una. Lo hacen ofreciendo este curso de formaci\u00f3n permanente que busca abrazar y fortalecer la profesi\u00f3n period\u00edstica, actual y futuro, planteando los debates fundamentales del periodismo del Siglo XXI, de la mano de los reporteros que dan alto ejemplo de calidad y valor profesional en Iberoam\u00e9rica.<\/p>\n<p style=\"text-align: justify\">Los n\u00fameros del \u00faltimo informe del Reuters Institute de la Universidad de Oxford ayudan a constatar la crisis general de los medios y del periodismo. El desinter\u00e9s por las noticias ha alcanzado un r\u00e9cord hist\u00f3rico global. En pa\u00edses como Chile, Colombia, Argentina, Per\u00fa y M\u00e9xico, m\u00e1s de la mitad de las personas se informan s\u00f3lo por redes sociales (en donde el gigante Meta acaba de anunciar que elimina su sistema de verificaci\u00f3n de datos) y alrededor del 70 por ciento de la ciudadan\u00eda desconf\u00eda de las noticias. A la falta de credibilidad y la ausencia de un modelo de sostenibilidad que garantice independencia, se suman las agresiones y presiones de distintos actores que deterioran cada vez m\u00e1s el ejercicio del oficio en el mundo, seg\u00fan Reporteros Sin Fronteras.<\/p>\n<p>Este proyecto nace con el convencimiento de que a los esfuerzos y la resistencia colectiva e individual de periodistas, medios y diversas organizaciones, que le apuestan a la calidad, la verificaci\u00f3n de datos, la alfabetizaci\u00f3n digital y la formaci\u00f3n y protecci\u00f3n de reporteros, hay que sumar una iniciativa de alto alcance que ayude a inspirar y brinde herramientas no solo a periodistas en ejercicio, sino a quienes aspiren a serlo y, en general, a cualquier ciudadano interesado en educarse en comunicaci\u00f3n.<\/p>\n<p>A trav\u00e9s de su novedosa estructura y forma de abordar los dilemas que se plantear\u00e1n responden a este concepto:<\/p>\n<h3 style=\"text-align: center\"><span style=\"color: #ff0000\"><strong>30 A\u00f1os 30 Dilemas 30 Talleres<\/strong><\/span><\/h3>\n<p>&nbsp;<\/p>\n<table class=\"aligncenter\" style=\"height: 118px;width: 100%;border-collapse: collapse;border-color: #ffffff;background-color: #ffffff;border-style: solid\" border=\"1\">\n<tbody>\n<tr style=\"height: 23px\">\n<td style=\"width: 38.0208%;height: 23px\">Organiza:<\/td>\n<td style=\"width: 28.6458%;height: 23px\">Aliados:<\/td>\n<td style=\"width: 33.3333%;height: 23px\">\u00a0<\/td>\n<\/tr>\n<tr style=\"height: 95px\">\n<td style=\"width: 38.0208%;height: 95px\">\n<p><img loading=\"lazy\" class=\"wp-image-1066  alignleft\" src=\"https:\/\/seminariokapu.umh.es\/files\/2025\/04\/logo-umh-ok-300x109.jpg\" alt=\"\" width=\"243\" height=\"88\" \/><\/p>\n<p>&nbsp;<\/p>\n<\/td>\n<td style=\"width: 28.6458%;height: 95px\">\n<p><img loading=\"lazy\" class=\"wp-image-1063  alignleft\" src=\"https:\/\/seminariokapu.umh.es\/files\/2025\/04\/logo-gabo-300x79.png\" alt=\"\" width=\"269\" height=\"71\" \/><\/p>\n<p>&nbsp;<\/p>\n<\/td>\n<td style=\"width: 33.3333%;height: 95px\"><img loading=\"lazy\" class=\"wp-image-395  alignright\" src=\"https:\/\/seminariokapu.umh.es\/files\/2024\/09\/reporteros-300x130.jpg\" alt=\"\" width=\"238\" height=\"103\" \/><\/td>\n<\/tr>\n<\/tbody>\n<\/table>\n<p>&nbsp;<\/p>\n<p><span style=\"text-align: justify\">Tenemos como objetivo, formar l\u00edderes en comunicaci\u00f3n que puedan abordar y comprender con un enfoque humanista temas de paz, derechos humanos y democracia. Se busca capacitar a los estudiantes para que se conviertan en agentes de cambio, utilizando la comunicaci\u00f3n como herramienta para influenciar positivamente a sus comunidades y contrarrestar la desinformaci\u00f3n.<\/span><\/p>\n<p>&nbsp;<\/p>\n<h3>Coordinaci\u00f3n acad\u00e9mica y profesional<\/h3>\n<table style=\"height: 181px;width: 100%;border-collapse: collapse;border-style: solid;border-color: #ffffff\" border=\"1\">\n<tbody>\n<tr style=\"height: 109px\">\n<td style=\"width: 20%;height: 109px\"><img loading=\"lazy\" class=\"wp-image-1094 aligncenter\" src=\"https:\/\/seminariokapu.umh.es\/files\/2025\/04\/Jose-Luis-Gonzalez-Esteban.png\" alt=\"\" width=\"109\" height=\"109\" srcset=\"https:\/\/seminariokapu.umh.es\/files\/2025\/04\/Jose-Luis-Gonzalez-Esteban.png 301w, https:\/\/seminariokapu.umh.es\/files\/2025\/04\/Jose-Luis-Gonzalez-Esteban-150x150.png 150w\" sizes=\"(max-width: 109px) 100vw, 109px\" \/><\/td>\n<td style=\"width: 20%;height: 109px\"><img loading=\"lazy\" class=\"wp-image-1091 aligncenter\" src=\"https:\/\/seminariokapu.umh.es\/files\/2025\/04\/laura-ardila.jpg\" alt=\"\" width=\"109\" height=\"109\" srcset=\"https:\/\/seminariokapu.umh.es\/files\/2025\/04\/laura-ardila.jpg 225w, https:\/\/seminariokapu.umh.es\/files\/2025\/04\/laura-ardila-150x150.jpg 150w\" sizes=\"(max-width: 109px) 100vw, 109px\" \/><\/td>\n<td style=\"width: 20%;height: 109px\"><img loading=\"lazy\" class=\"wp-image-1088 aligncenter\" src=\"https:\/\/seminariokapu.umh.es\/files\/2025\/04\/foto-perfil-GICOV-1-scaled-e1744719673100-284x300.jpg\" alt=\"\" width=\"103\" height=\"109\" \/><\/td>\n<td style=\"width: 20%;height: 109px\"><img loading=\"lazy\" class=\"wp-image-1501 aligncenter\" src=\"https:\/\/seminariokapu.umh.es\/files\/2025\/05\/Miguel-Montes-e1747082264314-300x279.png\" alt=\"\" width=\"116\" height=\"108\" \/><\/td>\n<td style=\"width: 20%;height: 109px\"><img loading=\"lazy\" class=\"wp-image-1498 aligncenter\" src=\"https:\/\/seminariokapu.umh.es\/files\/2025\/05\/image6-1-e1747082096517-300x295.jpg\" alt=\"\" width=\"111\" height=\"109\" \/><\/td>\n<\/tr>\n<tr style=\"height: 62px\">\n<td style=\"width: 20%;height: 62px;text-align: center\"><strong>Jos\u00e9 L. Gonz\u00e1lez-<\/strong><strong>Esteban<\/strong><\/td>\n<td style=\"width: 20%;height: 62px;text-align: center\"><strong>Laura Ardila Arrieta<\/strong><\/td>\n<td style=\"width: 20%;height: 62px;text-align: center\"><strong>Carmen M\u00aa <\/strong><strong style=\"font-family: inherit;font-size: inherit\">L\u00f3pez-Rico<\/strong><\/td>\n<td style=\"width: 20%;height: 62px;text-align: center\"><strong>Miguel Montes<\/strong><\/td>\n<td style=\"width: 20%;height: 62px;text-align: center\"><strong>Alfonso Bauluz<\/strong><\/td>\n<\/tr>\n<tr style=\"height: 10px\">\n<td style=\"width: 20%;height: 10px;text-align: center\">Director M\u00e1ster PEDEM<\/td>\n<td style=\"width: 20%;height: 10px;text-align: center\">Co-directora M\u00e1ster PEDEM<\/td>\n<td style=\"width: 20%;height: 10px;text-align: center\">Subdirectora M\u00e1ster PEDEM<\/td>\n<td style=\"width: 20%;height: 10px;text-align: center\">Director de Programas Fundaci\u00f3n GABO<\/td>\n<td style=\"width: 20%;height: 10px;text-align: center\">Director de RSF Espa\u00f1a<\/td>\n<\/tr>\n<\/tbody>\n<\/table>\n<p>&nbsp;<\/p>\n<p>&nbsp;<\/p>\n<p>[\/et_pb_text][et_pb_image src=&#8221;https:\/\/seminariokapu.umh.es\/files\/2025\/06\/mas-info.png&#8221; url=&#8221;http:\/\/masterperiodismoydemocracia.umh.es&#8221; url_new_window=&#8221;on&#8221; force_fullwidth=&#8221;on&#8221; _builder_version=&#8221;4.17.4&#8243; _module_preset=&#8221;default&#8221; module_alignment=&#8221;center&#8221; global_colors_info=&#8221;{}&#8221;][\/et_pb_image][\/et_pb_column][\/et_pb_row][\/et_pb_section][et_pb_section fb_built=&#8221;1&#8243; _builder_version=&#8221;4.17.4&#8243; _module_preset=&#8221;default&#8221; global_colors_info=&#8221;{}&#8221;][et_pb_row _builder_version=&#8221;4.17.4&#8243; _module_preset=&#8221;default&#8221;][et_pb_column _builder_version=&#8221;4.17.4&#8243; _module_preset=&#8221;default&#8221; type=&#8221;4_4&#8243;][et_pb_text admin_label=&#8221;T\u00edtulo&#8221; _builder_version=&#8221;4.17.4&#8243; _module_preset=&#8221;61636bf9-b72b-4c28-bab3-823798503361&#8243; custom_margin=&#8221;||10px||false|false&#8221; global_colors_info=&#8221;{}&#8221;]<\/p>\n<h2>Maestros<\/h2>\n<p>[\/et_pb_text][et_pb_text admin_label=&#8221;Texto&#8221; _builder_version=&#8221;4.17.4&#8243; _module_preset=&#8221;74d628be-e3fb-4f40-a4e2-05997430a9e4&#8243; global_colors_info=&#8221;{}&#8221;]<\/p>\n<p>El m\u00e1ster cuenta con profesionales de alto nivel del periodismo Iberoamericano as\u00ed como acad\u00e9micos\u00a0 especializados en los dilemas \u00e9ticos a los que se enfrenta el Periodismo en el S. XXI. Puedes encontrar toda la informaci\u00f3n sobre los 30 maestros y 30 dilemas <a href=\"https:\/\/masterperiodismoydemocracia.umh.es\/maestros-dilemas\/\">aqu\u00ed<\/a><\/p>\n<p>[\/et_pb_text][\/et_pb_column][\/et_pb_row][et_pb_row column_structure=&#8221;1_3,1_3,1_3&#8243; admin_label=&#8221;Mestros&#8221; _builder_version=&#8221;4.17.4&#8243; _module_preset=&#8221;default&#8221; global_colors_info=&#8221;{}&#8221;][et_pb_column type=&#8221;1_3&#8243; _builder_version=&#8221;4.17.4&#8243; _module_preset=&#8221;default&#8221; global_colors_info=&#8221;{}&#8221;][et_pb_image src=&#8221;https:\/\/seminariokapu.umh.es\/files\/2025\/04\/image5.jpg&#8221; title_text=&#8221;image5&#8243; _builder_version=&#8221;4.17.4&#8243; _module_preset=&#8221;default&#8221; global_colors_info=&#8221;{}&#8221;][\/et_pb_image][et_pb_text admin_label=&#8221;Texto&#8221; _builder_version=&#8221;4.17.4&#8243; _module_preset=&#8221;default&#8221; global_colors_info=&#8221;{}&#8221;]<\/p>\n<p><b>Olga Rodr\u00edguez Francisco<\/b><\/p>\n<p style=\"text-align: justify\"><span style=\"font-weight: 400\">Olga Rodr\u00edguez es periodista especializada en informaci\u00f3n internacional y derechos humanos, fundamentalmente en el conflicto de Oriente Pr\u00f3ximo. Editora, directora de Opini\u00f3n y co-fundadora de ElDiario.es. Fue corresponsal de la SER en Oriente Pr\u00f3ximo durante la Guerra del Golfo, tambi\u00e9n de CNN+ y Cuatro. Autora de libros como <\/span><i><span style=\"font-weight: 400\">El hombre mojado no teme la lluvia<\/span><\/i><span style=\"font-weight: 400\">, <\/span><i><span style=\"font-weight: 400\">Voces de Oriente Medio<\/span><\/i><span style=\"font-weight: 400\">, <\/span><i><span style=\"font-weight: 400\">Yo muero hoy<\/span><\/i><span style=\"font-weight: 400\"> y <\/span><i><span style=\"font-weight: 400\">Las revueltas \u00e1rabes<\/span><\/i><span style=\"font-weight: 400\">, entre otros. Es especialista en Periodismo de Paz, divulgadora y reputada analista que\u00a0 ejerce un periodismo de compromiso con las v\u00edctimas de los conflictos armados. Ha recibido numerosos galardones nacionales e internacionales por sus trabajos, como el premio de Periodismo y Derechos Humanos Asociaci\u00f3n Pro Derechos Humanos de Espa\u00f1a, el Enfoque de Periodismo, el Pluma de la Paz por su trabajo informativo desde Irak, el del Club Internacional de la Prensa por sus trabajos en Gaza y Ciudad Ju\u00e1rez o el Ortega y Gasset por sus cr\u00f3nicas desde Irak. <\/span><\/p>\n<p>[\/et_pb_text][et_pb_image src=&#8221;https:\/\/seminariokapu.umh.es\/files\/2025\/04\/image4.jpg&#8221; title_text=&#8221;image4&#8243; _builder_version=&#8221;4.17.4&#8243; _module_preset=&#8221;default&#8221; global_colors_info=&#8221;{}&#8221;][\/et_pb_image][et_pb_text admin_label=&#8221;Texto&#8221; _builder_version=&#8221;4.17.4&#8243; _module_preset=&#8221;default&#8221; global_colors_info=&#8221;{}&#8221;]<\/p>\n<p><b>Paloma del R\u00edo Ca\u00f1adas<\/b><\/p>\n<p style=\"text-align: justify\"><span style=\"font-weight: 400\">Periodista de referencia que ha desarrollado toda su carrera profesional en la radio televisi\u00f3n p\u00fablica espa\u00f1ola (RTVE). Ha cubierto nueve Juegos Ol\u00edmpicos de Verano, y siete de Invierno. Ha sido la voz de los deportes minoritarios, de la gimnasia, de los valores del movimiento ol\u00edmpico, la voz del deporte femenino. Ganadora del Premio Ondas, Medalla de Oro y de Plata de la Real Orden del M\u00e9rito Deportivo, Premio Nacional del Deporte y m\u00e1s recientemente Premio Nacional de Televisi\u00f3n. En junio de 2025 ser\u00e1 investida Doctora Honoris Causa por la Universidad Miguel Hern\u00e1ndez de Elche. Ha compaginado su quehacer profesional con un activismo social vinculado al movimiento feminista, el animalismo y derechos del colectivo LGTBIQ+<\/span><\/p>\n<p>[\/et_pb_text][\/et_pb_column][et_pb_column type=&#8221;1_3&#8243; _builder_version=&#8221;4.17.4&#8243; _module_preset=&#8221;default&#8221; global_colors_info=&#8221;{}&#8221;][et_pb_image src=&#8221;https:\/\/seminariokapu.umh.es\/files\/2025\/04\/image2.jpg&#8221; title_text=&#8221;image2&#8243; _builder_version=&#8221;4.17.4&#8243; _module_preset=&#8221;default&#8221; global_colors_info=&#8221;{}&#8221;][\/et_pb_image][et_pb_text admin_label=&#8221;Texto&#8221; _builder_version=&#8221;4.17.4&#8243; _module_preset=&#8221;default&#8221; global_colors_info=&#8221;{}&#8221;]<\/p>\n<p><b>Patricia Nieto<\/b><\/p>\n<p style=\"text-align: justify\"><span style=\"font-weight: 400\">Profesora de la Universidad de Antioquia (Medell\u00edn-Colombia). Periodista, Mag\u00edster en Ciencia Pol\u00edtica, Doctora en Comunicaci\u00f3n, profesora de la Facultad de Comunicaciones y Filolog\u00eda de la Universidad de Antioquia. Autora de libros como <\/span><i><span style=\"font-weight: 400\">Cr\u00f3nicas del Para\u00edso<\/span><\/i><span style=\"font-weight: 400\">,<\/span><i><span style=\"font-weight: 400\"> Los escogidos<\/span><\/i><span style=\"font-weight: 400\">, <\/span><i><span style=\"font-weight: 400\">El Cielo no me abandona<\/span><\/i><span style=\"font-weight: 400\">, <\/span><i><span style=\"font-weight: 400\">Jam\u00e1s olvidar\u00e9 tu nombre<\/span><\/i><span style=\"font-weight: 400\">, <\/span><i><span style=\"font-weight: 400\">Donde pis\u00e9 a\u00fan crece la hierba<\/span><\/i><span style=\"font-weight: 400\">; estos tres \u00faltimos escritos con v\u00edctimas del conflicto armado colombiano. Ha sido ganadora del Premio Nacional Sim\u00f3n Bol\u00edvar, del Premio Nacional de Cultura y Premio Gabo. Directora e impulsora del Curso de Periodismo y Memoria en la UdeA y directora de publicaciones en esta misma universidad p\u00fablica.<\/span><\/p>\n<p>[\/et_pb_text][et_pb_image src=&#8221;https:\/\/seminariokapu.umh.es\/files\/2025\/04\/image3.png&#8221; title_text=&#8221;image3&#8243; _builder_version=&#8221;4.17.4&#8243; _module_preset=&#8221;default&#8221; global_colors_info=&#8221;{}&#8221;][\/et_pb_image][et_pb_text admin_label=&#8221;Texto&#8221; _builder_version=&#8221;4.17.4&#8243; _module_preset=&#8221;default&#8221; global_colors_info=&#8221;{}&#8221;]<\/p>\n<p><b>M\u00f3nica Garc\u00eda Prieto<\/b><\/p>\n<p style=\"text-align: justify\"><span style=\"font-weight: 400\">Periodista freelance que ha cubierto decenas de conflictos sobre todo en Oriente Medio. Desde 1995 ejerci\u00f3 como corresponsal en Roma, Mosc\u00fa, Jerusal\u00e9n, Beirut, Bangkok y Shanghai y ha recorrido el mundo como reportera centrando sus coberturas en la denuncia de los abusos a los derechos humanos en tiempos de guerra y en la defensa de los civiles, v\u00edctimas de una violencia extrema. Si bien comenz\u00f3 su carrera profesional en Onda Cero, CBS Telenoticias y CNN en Espa\u00f1ol desde las corresponsal\u00edas de Italia y Rusia, pronto comenz\u00f3 a trabajar para el diario espa\u00f1ol El Mundo donde ha desarrollado la mayor parte de su carrera profesional. Autora de destacados ensayos period\u00edsticos, ha recibido numerosos galardones nacionales e internacionales por su dilatada y destacada trayectoria.<\/span><\/p>\n<p style=\"text-align: justify\">[\/et_pb_text][\/et_pb_column][et_pb_column type=&#8221;1_3&#8243; _builder_version=&#8221;4.17.4&#8243; _module_preset=&#8221;default&#8221; global_colors_info=&#8221;{}&#8221;][et_pb_image src=&#8221;https:\/\/seminariokapu.umh.es\/files\/2025\/04\/image1.png&#8221; title_text=&#8221;image1&#8243; _builder_version=&#8221;4.17.4&#8243; _module_preset=&#8221;default&#8221; global_colors_info=&#8221;{}&#8221;][\/et_pb_image][et_pb_text admin_label=&#8221;Texto&#8221; _builder_version=&#8221;4.17.4&#8243; _module_preset=&#8221;default&#8221; global_colors_info=&#8221;{}&#8221;]<\/p>\n<p><b>\u00d3scar Mart\u00ednez<\/b><\/p>\n<p style=\"text-align: justify\"><span style=\"font-weight: 400\">Jefe de redacci\u00f3n del peri\u00f3dico digital salvadore\u00f1o El Faro y autor de los libros <\/span><i><span style=\"font-weight: 400\">Los migrantes que no importan<\/span><\/i><span style=\"font-weight: 400\">, <\/span><i><span style=\"font-weight: 400\">Una historia de violencia<\/span><\/i><span style=\"font-weight: 400\"> y <\/span><i><span style=\"font-weight: 400\">Los muertos y el periodista<\/span><\/i><span style=\"font-weight: 400\">. Ha recibido el Premio Nacional de Periodismo Cultural, en M\u00e9xico, el Nacional de Derechos Humanos por la Universidad Jos\u00e9 Sime\u00f3n Ca\u00f1as de El Salvador, el Hillman Prize, el Rey de Espa\u00f1a, tambi\u00e9n el Maria Moors Cabot, por la Universidad de Columbia; es Premio Internacional a la Libertad de Prensa, por el Comit\u00e9 para la Protecci\u00f3n de Periodistas (CPJ); y Premio a la Libertad de Expresi\u00f3n por la Deutsche Welle. Ha sido el primer invitado al programa Global Visiting Fellows de Columbia Journalism School y al Gallatin Global Fellow y profesor invitado de la Universidad de Nueva York.<\/span><\/p>\n<p>[\/et_pb_text][et_pb_image src=&#8221;https:\/\/seminariokapu.umh.es\/files\/2025\/06\/Roberto-Deniz.png&#8221; title_text=&#8221;Roberto Deniz&#8221; _builder_version=&#8221;4.17.4&#8243; _module_preset=&#8221;default&#8221; global_colors_info=&#8221;{}&#8221;][\/et_pb_image][et_pb_text admin_label=&#8221;Texto&#8221; _builder_version=&#8221;4.17.4&#8243; _module_preset=&#8221;default&#8221; global_colors_info=&#8221;{}&#8221;]<\/p>\n<p><strong><span style=\"text-align: justify\">Roberto Deniz<\/span><\/strong><\/p>\n<p style=\"text-align: justify\">es un reconocido periodista de investigaci\u00f3n venezolano. Durante a\u00f1os ha investigado y descubierto grandes casos de corrupci\u00f3n en Venezuela con alcance trasnacional. Ha recibido numerosos reconocimientos tanto en su pa\u00eds como en Latinoam\u00e9rica. Desde 2016 forma parte del equipo de Armando.Info y actualmente tambi\u00e9n es socio del \u00fanico medio venezolano dedicado al periodismo de investigaci\u00f3n y que en 2019 fue premiado con el Mar\u00eda Moors Cabot que otorga la Escuela de Periodismo de la Universidad de Columbia, en New York. Adem\u00e1s de participar en grandes investigaciones como los Panam\u00e1 Papers, los Paradise Papers o Pandora Papers, coordinadas por el International Consortium of Investigative Jourmalist (ICIJ), con sede en Washington, Roberto Deniz se tuvo que ir de Venezuela y desde 2018 se exili\u00f3 en Colombia, desde donde ha continuado su labor como periodista de investigaci\u00f3n en Armando.Info. Desde 2019 cuenta con medidas cautelares de protecci\u00f3n de la Comisi\u00f3n Interamericana de Derechos Humanos (CIDH). En 2025 ha sido galardonado con el Premio Gabriel Garc\u00eda M\u00e1rquez de periodismo.<\/p>\n<p>[\/et_pb_text][\/et_pb_column][\/et_pb_row][\/et_pb_section][et_pb_section fb_built=&#8221;1&#8243; _builder_version=&#8221;4.17.4&#8243; _module_preset=&#8221;default&#8221; global_colors_info=&#8221;{}&#8221;][et_pb_row _builder_version=&#8221;4.17.4&#8243; _module_preset=&#8221;default&#8221; global_colors_info=&#8221;{}&#8221;][et_pb_column type=&#8221;4_4&#8243; _builder_version=&#8221;4.17.4&#8243; _module_preset=&#8221;default&#8221; global_colors_info=&#8221;{}&#8221;][et_pb_cta title=&#8221;Abierto plazo de matriculaci\u00f3n curso 2025-26&#8243; url_new_window=&#8221;on&#8221; button_text=&#8221;Inscribirme&#8221; admin_label=&#8221;Llamada a la acci\u00f3n&#8221; _builder_version=&#8221;4.17.4&#8243; _module_preset=&#8221;default&#8221; header_text_align=&#8221;center&#8221; header_text_color=&#8221;#FFFFFF&#8221; header_font_size=&#8221;30px&#8221; header_line_height=&#8221;2em&#8221; body_text_color=&#8221;#FFFFFF&#8221; body_line_height=&#8221;2.1em&#8221; background_color=&#8221;#b22117&#8243; button_alignment=&#8221;center&#8221; height=&#8221;220px&#8221; custom_padding=&#8221;10px||||false|false&#8221; animation_style=&#8221;slide&#8221; link_option_url=&#8221;https:\/\/universite.umh.es\/fpogestion\/aspx\/Preinscripcion\/Preinscripcion.aspx&#8221; link_option_url_new_window=&#8221;on&#8221; border_color_all=&#8221;#FFFFFF&#8221; border_style_all=&#8221;inset&#8221; border_color_bottom=&#8221;#FFFFFF&#8221; border_style_bottom=&#8221;inset&#8221; global_colors_info=&#8221;{}&#8221; title__hover_enabled=&#8221;off|desktop&#8221;]<\/p>\n<p>Tasas acad\u00e9micas: 1620 Euros<\/p>\n<p>Seleccionar tipo de ense\u00f1anza: Master de formaci\u00f3n permanente | Ense\u00f1anza: M\u00e1ster Periodismo y Democracia<\/p>\n<p>INSCRIBITE AQU\u00cd<\/p>\n<p>[\/et_pb_cta][\/et_pb_column][\/et_pb_row][\/et_pb_section][et_pb_section fb_built=&#8221;1&#8243; admin_label=&#8221;Footer&#8221; _builder_version=&#8221;4.17.4&#8243; _module_preset=&#8221;default&#8221; background_color_gradient_direction=&#8221;90deg&#8221; background_image=&#8221;https:\/\/seminariokapu.umh.es\/files\/2024\/07\/kapuscinski.jpg&#8221; parallax=&#8221;on&#8221; custom_padding=&#8221;0px||0px||true|false&#8221; saved_tabs=&#8221;all&#8221; locked=&#8221;off&#8221; collapsed=&#8221;off&#8221; global_colors_info=&#8221;{}&#8221;][et_pb_row column_structure=&#8221;1_2,1_2&#8243; use_custom_gutter=&#8221;on&#8221; gutter_width=&#8221;1&#8243; make_equal=&#8221;on&#8221; admin_label=&#8221;Footer Row&#8221; module_class=&#8221; et_pb_row_fullwidth&#8221; _builder_version=&#8221;4.21.0&#8243; _module_preset=&#8221;default&#8221; width=&#8221;100%&#8221; max_width=&#8221;none&#8221; custom_margin=&#8221;|||&#8221; custom_padding=&#8221;0px||0px||true|false&#8221; animation_style=&#8221;fade&#8221; make_fullwidth=&#8221;on&#8221; global_colors_info=&#8221;{}&#8221;][et_pb_column type=&#8221;1_2&#8243; _builder_version=&#8221;4.21.0&#8243; _module_preset=&#8221;default&#8221; background_color=&#8221;rgba(0,0,0,0.6)&#8221; custom_padding=&#8221;8%|8%|8%|8%|true|true&#8221; global_colors_info=&#8221;{}&#8221;][\/et_pb_column][et_pb_column type=&#8221;1_2&#8243; _builder_version=&#8221;4.21.0&#8243; _module_preset=&#8221;default&#8221; background_color=&#8221;#000000&#8243; custom_padding=&#8221;8%|8%|8%|8%|true|true&#8221; global_colors_info=&#8221;{}&#8221; custom_padding__hover=&#8221;|||&#8221;][et_pb_text admin_label=&#8221;Contacto&#8221; _builder_version=&#8221;4.17.4&#8243; _module_preset=&#8221;a045a0c8-6e1f-4f59-b3fd-9125515f2b0d&#8221; header_2_text_color=&#8221;#FFFFFF&#8221; custom_margin=&#8221;||30px||false|false&#8221; locked=&#8221;off&#8221; global_colors_info=&#8221;{}&#8221;]<\/p>\n<h2>Contacto<\/h2>\n<p>[\/et_pb_text][et_pb_text admin_label=&#8221;Mail&#8221; _builder_version=&#8221;4.17.4&#8243; _module_preset=&#8221;f6726238-a502-4d1c-a9cb-bdba18bad262&#8243; header_4_text_color=&#8221;gcid-b247d7e9-2bbc-48fc-81a8-3cd1da3da572&#8243; locked=&#8221;off&#8221; global_colors_info=&#8221;{%22gcid-b247d7e9-2bbc-48fc-81a8-3cd1da3da572%22:%91%22header_4_text_color%22%93}&#8221;]<\/p>\n<h4>Correo electr\u00f3nico<\/h4>\n<p>[\/et_pb_text][et_pb_text admin_label=&#8221;Direcci\u00f3n mail&#8221; _builder_version=&#8221;4.17.4&#8243; _module_preset=&#8221;708827fa-bb27-4e56-b616-b7979d738397&#8243; text_text_color=&#8221;#FFFFFF&#8221; link_text_color=&#8221;#FFFFFF&#8221; custom_margin=&#8221;||30px||false|false&#8221; locked=&#8221;off&#8221; global_colors_info=&#8221;{}&#8221;]<\/p>\n<p><a href=\"mailto:seminariokapu@umh.es\">seminariokapu@umh.es<\/a><\/p>\n<p>[\/et_pb_text][et_pb_text admin_label=&#8221;Direcci\u00f3n&#8221; _builder_version=&#8221;4.17.4&#8243; _module_preset=&#8221;f6726238-a502-4d1c-a9cb-bdba18bad262&#8243; header_4_text_color=&#8221;gcid-b247d7e9-2bbc-48fc-81a8-3cd1da3da572&#8243; locked=&#8221;off&#8221; global_colors_info=&#8221;{%22gcid-b247d7e9-2bbc-48fc-81a8-3cd1da3da572%22:%91%22header_4_text_color%22%93}&#8221;]<\/p>\n<h4>Direcci\u00f3n<\/h4>\n<p>[\/et_pb_text][et_pb_text admin_label=&#8221;Direcci\u00f3n postal&#8221; _builder_version=&#8221;4.17.4&#8243; _module_preset=&#8221;708827fa-bb27-4e56-b616-b7979d738397&#8243; text_text_color=&#8221;#FFFFFF&#8221; link_text_color=&#8221;#FFFFFF&#8221; custom_margin=&#8221;||30px||false|false&#8221; locked=&#8221;off&#8221; global_colors_info=&#8221;{}&#8221;]<\/p>\n<p>Edificio Torreblanca, Despacho 10, 2\u00ba planta | Av. de la Universidad, s\/n 03202 Elche-Alicante<\/p>\n<p>[\/et_pb_text][et_pb_text admin_label=&#8221;Redes&#8221; _builder_version=&#8221;4.17.4&#8243; _module_preset=&#8221;f6726238-a502-4d1c-a9cb-bdba18bad262&#8243; header_4_text_color=&#8221;gcid-b247d7e9-2bbc-48fc-81a8-3cd1da3da572&#8243; locked=&#8221;off&#8221; global_colors_info=&#8221;{%22gcid-b247d7e9-2bbc-48fc-81a8-3cd1da3da572%22:%91%22header_4_text_color%22%93}&#8221;]<\/p>\n<h4>Redes Sociales<\/h4>\n<p>[\/et_pb_text][et_pb_text admin_label=&#8221;logos&#8221; _builder_version=&#8221;4.17.4&#8243; _module_preset=&#8221;708827fa-bb27-4e56-b616-b7979d738397&#8243; text_text_color=&#8221;#FFFFFF&#8221; link_text_color=&#8221;#FFFFFF&#8221; custom_margin=&#8221;||30px||false|false&#8221; locked=&#8221;off&#8221; global_colors_info=&#8221;{}&#8221;]<\/p>\n<p><a href=\"https:\/\/www.instagram.com\/seminariokapu\/\"><img loading=\"lazy\" class=\"wp-image-540 alignnone \" src=\"https:\/\/seminariokapu.umh.es\/files\/2024\/09\/logo-ig-1-300x300.png\" alt=\"\" width=\"42\" height=\"42\" \/><\/a>\u00a0 <a href=\"https:\/\/bsky.app\/profile\/seminariokapu.bsky.social\"><img loading=\"lazy\" class=\"wp-image-992 alignnone \" src=\"https:\/\/seminariokapu.umh.es\/files\/2025\/01\/blue-sky.png\" alt=\"\" width=\"47\" height=\"47\" srcset=\"https:\/\/seminariokapu.umh.es\/files\/2025\/01\/blue-sky.png 225w, https:\/\/seminariokapu.umh.es\/files\/2025\/01\/blue-sky-150x150.png 150w\" sizes=\"(max-width: 47px) 100vw, 47px\" \/><\/a><\/p>\n<p>[\/et_pb_text][\/et_pb_column][\/et_pb_row][\/et_pb_section]<\/p>\n","protected":false},"excerpt":{"rendered":"<p>M\u00e1ster en Periodismo y DemocraciaUMH &#8211; Fundaci\u00f3n Gabo &#8211; Reporteros sin Fronteras RSF\u00a0Sobre el m\u00e1sterLa Fundaci\u00f3n Gabo, la organizaci\u00f3n Reporteros Sin Fronteras y la Universidad Miguel Hern\u00e1ndez de Espa\u00f1a, tres instituciones reconocidas por su amplia defensa del periodismo de excelencia y la libertad de expresi\u00f3n, coinciden y se unen en la celebraci\u00f3n de los 30 [&hellip;]<\/p>\n","protected":false},"author":3881,"featured_media":0,"parent":0,"menu_order":0,"comment_status":"closed","ping_status":"closed","template":"","meta":{"_et_pb_use_builder":"on","_et_pb_old_content":"","_et_gb_content_width":"","_links_to":"","_links_to_target":""},"_links":{"self":[{"href":"https:\/\/seminariokapu.umh.es\/ca\/wp-json\/wp\/v2\/pages\/1024"}],"collection":[{"href":"https:\/\/seminariokapu.umh.es\/ca\/wp-json\/wp\/v2\/pages"}],"about":[{"href":"https:\/\/seminariokapu.umh.es\/ca\/wp-json\/wp\/v2\/types\/page"}],"author":[{"embeddable":true,"href":"https:\/\/seminariokapu.umh.es\/ca\/wp-json\/wp\/v2\/users\/3881"}],"replies":[{"embeddable":true,"href":"https:\/\/seminariokapu.umh.es\/ca\/wp-json\/wp\/v2\/comments?post=1024"}],"version-history":[{"count":0,"href":"https:\/\/seminariokapu.umh.es\/ca\/wp-json\/wp\/v2\/pages\/1024\/revisions"}],"wp:attachment":[{"href":"https:\/\/seminariokapu.umh.es\/ca\/wp-json\/wp\/v2\/media?parent=1024"}],"curies":[{"name":"wp","href":"https:\/\/api.w.org\/{rel}","templated":true}]}}